{"id":2922,"date":"2025-01-21T13:10:31","date_gmt":"2025-01-21T12:10:31","guid":{"rendered":"https:\/\/www.saulnes.fr\/?page_id=2922"},"modified":"2025-09-11T15:16:10","modified_gmt":"2025-09-11T14:16:10","slug":"mediatheque","status":"publish","type":"page","link":"https:\/\/www.saulnes.fr\/?page_id=2922","title":{"rendered":"M\u00e9diath\u00e8que"},"content":{"rendered":"<p>[et_pb_section fb_built=\u00a0\u00bb1&Prime; _builder_version=\u00a0\u00bb4.16&Prime; _module_preset=\u00a0\u00bbdefault\u00a0\u00bb global_colors_info=\u00a0\u00bb{}\u00a0\u00bb][et_pb_row _builder_version=\u00a0\u00bb4.16&Prime; _module_preset=\u00a0\u00bbdefault\u00a0\u00bb custom_margin=\u00a0\u00bb1px|auto||auto||\u00a0\u00bb custom_padding=\u00a0\u00bb||4px|||\u00a0\u00bb global_colors_info=\u00a0\u00bb{}\u00a0\u00bb][et_pb_column type=\u00a0\u00bb4_4&Prime; _builder_version=\u00a0\u00bb4.16&Prime; _module_preset=\u00a0\u00bbdefault\u00a0\u00bb global_colors_info=\u00a0\u00bb{}\u00a0\u00bb][et_pb_text _builder_version=\u00a0\u00bb4.27.2&Prime; _module_preset=\u00a0\u00bbdefault\u00a0\u00bb custom_margin=\u00a0\u00bb||-1px|||\u00a0\u00bb global_colors_info=\u00a0\u00bb{}\u00a0\u00bb]<\/p>\n<h1>M\u00e9diath\u00e8que<\/h1>\n<p>[\/et_pb_text][et_pb_divider divider_weight=\u00a0\u00bb7px\u00a0\u00bb _builder_version=\u00a0\u00bb4.16&Prime; _module_preset=\u00a0\u00bbdefault\u00a0\u00bb global_colors_info=\u00a0\u00bb{}\u00a0\u00bb][\/et_pb_divider][et_pb_gallery _builder_version=\u00a0\u00bb4.27.4&Prime; _module_preset=\u00a0\u00bbdefault\u00a0\u00bb gallery_ids=\u00a0\u00bb3137,3138,3139,3140,3141,3142&Prime; fullwidth=\u00a0\u00bbon\u00a0\u00bb auto=\u00a0\u00bbon\u00a0\u00bb auto_speed=\u00a0\u00bb3000&Prime; hover_enabled=\u00a0\u00bb0&Prime; sticky_enabled=\u00a0\u00bb0&Prime;][\/et_pb_gallery][et_pb_text _builder_version=\u00a0\u00bb4.27.4&Prime; _module_preset=\u00a0\u00bbdefault\u00a0\u00bb global_colors_info=\u00a0\u00bb{}\u00a0\u00bb]<\/p>\n<p><strong>Heures d\u2019ouvertures<br \/><\/strong>du mercredi au samedi de 14h \u00e0 18h<br \/><strong>Adresse<br \/><\/strong>Place du 8 mai 1945 \u00e0 l\u2019\u00e9tage du Centre Culturel<\/p>\n<p><strong>Retrouvez l&rsquo;actualit\u00e9 de la m\u00e9diath\u00e8que sur<\/strong><br \/><a href=\"https:\/\/www.facebook.com\/p\/M%C3%A9diath%C3%A8que-de-Saulnes-100080295280538\/?_rdr\">Facebook<\/a>\u00a0 &amp; <a href=\"https:\/\/www.instagram.com\/mediatheque.saulnes\/\">\u00a0Instagram<\/a> <\/p>\n<p>[\/et_pb_text][\/et_pb_column][\/et_pb_row][\/et_pb_section]<\/p>\n","protected":false},"excerpt":{"rendered":"<p>M\u00e9diath\u00e8queHeures d\u2019ouverturesdu mercredi au samedi de 14h \u00e0 18hAdressePlace du 8 mai 1945 \u00e0 l\u2019\u00e9tage du Centre Culturel Retrouvez l&rsquo;actualit\u00e9 de la m\u00e9diath\u00e8que surFacebook\u00a0 &amp; \u00a0Instagram<\/p>\n","protected":false},"author":1,"featured_media":0,"parent":0,"menu_order":0,"comment_status":"closed","ping_status":"closed","template":"","meta":{"_et_pb_use_builder":"on","_et_pb_old_content":"<!-- wp:divi\/placeholder \/-->","_et_gb_content_width":"","footnotes":""},"class_list":["post-2922","page","type-page","status-publish","hentry"],"_links":{"self":[{"href":"https:\/\/www.saulnes.fr\/index.php?rest_route=\/wp\/v2\/pages\/2922","targetHints":{"allow":["GET"]}}],"collection":[{"href":"https:\/\/www.saulnes.fr\/index.php?rest_route=\/wp\/v2\/pages"}],"about":[{"href":"https:\/\/www.saulnes.fr\/index.php?rest_route=\/wp\/v2\/types\/page"}],"author":[{"embeddable":true,"href":"https:\/\/www.saulnes.fr\/index.php?rest_route=\/wp\/v2\/users\/1"}],"replies":[{"embeddable":true,"href":"https:\/\/www.saulnes.fr\/index.php?rest_route=%2Fwp%2Fv2%2Fcomments&post=2922"}],"version-history":[{"count":6,"href":"https:\/\/www.saulnes.fr\/index.php?rest_route=\/wp\/v2\/pages\/2922\/revisions"}],"predecessor-version":[{"id":3144,"href":"https:\/\/www.saulnes.fr\/index.php?rest_route=\/wp\/v2\/pages\/2922\/revisions\/3144"}],"wp:attachment":[{"href":"https:\/\/www.saulnes.fr\/index.php?rest_route=%2Fwp%2Fv2%2Fmedia&parent=2922"}],"curies":[{"name":"wp","href":"https:\/\/api.w.org\/{rel}","templated":true}]}}