{"id":2942,"date":"2025-01-21T13:14:36","date_gmt":"2025-01-21T12:14:36","guid":{"rendered":"https:\/\/www.saulnes.fr\/?page_id=2942"},"modified":"2025-01-21T16:27:22","modified_gmt":"2025-01-21T15:27:22","slug":"regie-electrique","status":"publish","type":"page","link":"https:\/\/www.saulnes.fr\/?page_id=2942","title":{"rendered":"R\u00e9gie \u00e9lectrique"},"content":{"rendered":"<p>[et_pb_section fb_built=\u00a0\u00bb1&Prime; _builder_version=\u00a0\u00bb4.16&Prime; _module_preset=\u00a0\u00bbdefault\u00a0\u00bb global_colors_info=\u00a0\u00bb{}\u00a0\u00bb theme_builder_area=\u00a0\u00bbpost_content\u00a0\u00bb][et_pb_row _builder_version=\u00a0\u00bb4.16&Prime; _module_preset=\u00a0\u00bbdefault\u00a0\u00bb custom_margin=\u00a0\u00bb80px|auto||auto||\u00a0\u00bb custom_padding=\u00a0\u00bb||4px|||\u00a0\u00bb global_colors_info=\u00a0\u00bb{}\u00a0\u00bb theme_builder_area=\u00a0\u00bbpost_content\u00a0\u00bb][et_pb_column type=\u00a0\u00bb4_4&Prime; _builder_version=\u00a0\u00bb4.16&Prime; _module_preset=\u00a0\u00bbdefault\u00a0\u00bb global_colors_info=\u00a0\u00bb{}\u00a0\u00bb theme_builder_area=\u00a0\u00bbpost_content\u00a0\u00bb][et_pb_text _builder_version=\u00a0\u00bb4.27.4&Prime; _module_preset=\u00a0\u00bbdefault\u00a0\u00bb custom_margin=\u00a0\u00bb||-1px|||\u00a0\u00bb global_colors_info=\u00a0\u00bb{}\u00a0\u00bb theme_builder_area=\u00a0\u00bbpost_content\u00a0\u00bb]<\/p>\n<h1>R\u00e9gie \u00e9lectrique<\/h1>\n<p>[\/et_pb_text][et_pb_divider divider_weight=\u00a0\u00bb7px\u00a0\u00bb _builder_version=\u00a0\u00bb4.16&Prime; _module_preset=\u00a0\u00bbdefault\u00a0\u00bb global_colors_info=\u00a0\u00bb{}\u00a0\u00bb theme_builder_area=\u00a0\u00bbpost_content\u00a0\u00bb][\/et_pb_divider][et_pb_text _builder_version=\u00a0\u00bb4.27.4&Prime; _module_preset=\u00a0\u00bbdefault\u00a0\u00bb hover_enabled=\u00a0\u00bb0&Prime; global_colors_info=\u00a0\u00bb{}\u00a0\u00bb theme_builder_area=\u00a0\u00bbpost_content\u00a0\u00bb sticky_enabled=\u00a0\u00bb0&Prime;]<\/p>\n<h4 style=\"text-align: justify;\">QU\u2019EST-CE QU\u2019UNE R\u00c9GIE ?<\/h4>\n<p style=\"text-align: justify;\">Il existe en France environ 250 organismes distribuant de l\u2019\u00e9nergie \u00e9lectrique qui sont autonomes et ind\u00e9pendants d\u2019E.R.D.F.- G.R.D.F : ce sont les ELD (Entreprises Locales de Distribution). Ils desservent 5 % des quantit\u00e9s distribu\u00e9es et concernent 2800 communes sur 40 d\u00e9partements. La population int\u00e9ress\u00e9e est d\u2019environ 3 500 000 habitants (soit 6 % de la population fran\u00e7aise) .<\/p>\n<p>Historiquement, en 1946 : les compagnies priv\u00e9es sont nationalis\u00e9es et EDF voit le jour. Les r\u00e9gies d\u2019\u00e9lectricit\u00e9 peuvent se maintenir dans l\u2019\u00e9tat si le conseil municipal d\u00e9cide de conserver la R\u00e9gie.<\/p>\n<p>Parmi les collectivit\u00e9s utilisant ce mode d\u2019exploitation on trouve des grandes villes comme Colmar, Metz, Strasbourg, Monaco, Grenoble mais aussi d\u2019autres de tailles plus modestes comme Uckange, Amn\u00e9ville, Clouange, Rombas, Saint Avold, etc\u2026 Des communes de montagne La Bresse, Tignes, Valloire, etc\u2026 des syndicats intercommunaux d\u2019\u00e9lectricit\u00e9 comme ceux des DEUX-SEVRES, de la VIENNE ou de TH\u00d4NES, et des Soci\u00e9t\u00e9s d\u2019Int\u00e9r\u00eats Collectifs Agricoles (une trentaine de SICAE).<\/p>\n<h4 style=\"text-align: justify;\">Int\u00e9r\u00eats des r\u00e9gies<\/h4>\n<p style=\"text-align: justify;\">Les r\u00e9gies sont des entreprises de petite taille. Elles apportent \u00e0 leurs clients les solutions \u00e0 leurs probl\u00e8mes qui peuvent \u00eatre trait\u00e9s sur place, en \u00e9vitant toute \u201clourdeur administrative\u201d. Elles peuvent servir de support \u00e0 d\u2019autres services publics de la collectivit\u00e9.<br \/>Financi\u00e8rement, les produits d\u2019exploitation sont int\u00e9gralement r\u00e9investis localement, ce qui permet une r\u00e9alisation plus rapide et efficace des investissements et \u00e9vite tout transfert d\u2019exc\u00e9dents sous \u201cd\u2019autres cieux\u201d. Enfin, la collectivit\u00e9 locale reste ma\u00eetresse de tout ce qui touche au d\u00e9veloppement de la distribution de l\u2019\u00e9nergie sur son territoire.<\/p>\n<h4 style=\"text-align: justify;\">OUVERTURE ET CL\u00d4TURE DE CONTRAT<\/h4>\n<p style=\"text-align: justify;\">Vous emm\u00e9nagez o\u00f9 d\u00e9m\u00e9nager\u00a0? Contactez-nous dans les meilleurs d\u00e9lais pour planifier une date de relev\u00e9 de compteur pour l\u2019ouverture ou la cl\u00f4ture de votre contrat. Et ce AVANT la remise des clefs ou avant la prise de possession du logement.<br \/>Pour l\u2019ouverture de votre contrat, munissez-vous d\u2019une pi\u00e8ce d\u2019identit\u00e9 et d\u2019un RIB (si vous optez pour le pr\u00e9l\u00e8vement automatique)<br \/>Si vous oubliez de nous informer de votre d\u00e9part, le contrat cours toujours \u00e0 votre nom et vous prenez le risque que le futur occupant du logement consomme de l&rsquo;\u00e9lectricit\u00e9 \u00e0 vos d\u00e9penses.<br \/>En cas d\u2019auto rel\u00e8ve, vous pouvez compl\u00e9tez et nous retourner l\u2019encadr\u00e9e au dos de ce volet.<br \/>L\u2019ouverture de compteur directement chez eux. Pour cela, il faut\u00a0: <br \/>1 copie de la pi\u00e8ce d\u2019identit\u00e9,<br \/>1 attestation du notaire notifiant que vous \u00eates le propri\u00e9taire du logement ou une copie de votre bail,<br \/>1 RIB pour le pr\u00e9l\u00e8vement (il est possible de r\u00e9gler par esp\u00e8ces, ch\u00e8que \u00e0 l\u2019ordre de \u00ab R\u00c9GIE ENCAISSEMENT ELECTRICITE SAULNES\u00a0\u00bb, CB ou virement)<\/p>\n<h4 style=\"text-align: justify;\">RELEV\u00c9S DE COMPTEURS<\/h4>\n<p style=\"text-align: justify;\">Le relev\u00e9 de votre compteur \u00e9lectrique est effectu\u00e9 tous les 4 mois. En Avril, Ao\u00fbt et en D\u00e9cembre.<br \/>Actuellement 40% des comptages sont relev\u00e9s par t\u00e9l\u00e9report ou par l\u2019ext\u00e9rieur. Pour les compteurs relev\u00e9s manuellement \u00e0 votre domicile, notre agent vous avise en cas d&rsquo;absence, vous pouvez alors nous envoyer votre relev\u00e9\u00a0: <br \/>Par t\u00e9l\u00e9phone\u00a0: 03.82.23.46.15<br \/>Par email\u00a0: regieelectriquesaulnes@gmail.com<br \/>Ou en retournant la carte d\u2019auto relev\u00e9 d\u00e9pos\u00e9e<br \/>Vous recevrez 3 factures par an\u00a0: <br \/>1er QUADRIMESTRE\u00a0: \u00e9ch\u00e9ance d\u00e9but Mai<br \/>2\u00e8me QUADRIMESTRE\u00a0: \u00e9ch\u00e9ance d\u00e9but Septembre<br \/>3\u00e8me QUADRIMESTRE\u00a0: \u00e9ch\u00e9ance d\u00e9but janvier<br \/>Chaque facture est \u00e9tablie \u00e0 partir d\u2019un relev\u00e9 r\u00e9el.<br \/>\u26a0 Pour les abonn\u00e9s des logements \u00ab\u00a0tout \u00e9lectrique\u00a0\u00bb, la facture du 1er QUADRIMESTRE, correspondant \u00e0 la consommation des mois d\u2019hiver, peut-\u00eatre plus \u00e9lev\u00e9e que les autres.<br \/>Heures d\u2019ouvertures\u00a0: du lundi au jeudi de 15h \u00e0 18h et le vendredi de 14h \u00e0 16h<br \/>Adresse\u00a0:\u00a07 Rue Rougeleck, 54650 SAULNES<br \/>T\u00e9l\u00a0: 03.82.23.46.15 (d\u00e9pannage 24h\/24 en cas de panne sur le r\u00e9seau)<br \/>Mail\u00a0: regieelectriquesaulnes@gmail.com<\/p>\n<h4 style=\"text-align: justify;\">CONTRATS &amp; TARIFS<\/h4>\n<p style=\"text-align: justify;\">Nos tarifs sont les m\u00eames que les tarifs r\u00e9glement\u00e9s pratiqu\u00e9s par EDF. Nous sommes soumis aux r\u00e8gles l\u00e9gales du tarif r\u00e9glement\u00e9 et nous vous en faisons b\u00e9n\u00e9ficier au travers des m\u00eames contrats et des m\u00eames prestations.<br \/>Vous pouvez opter pour une puissance entre 15 et 60 amp\u00e8res selon vos besoins, que ce soit en contrat de base ou au tarif heures creuses (de 22h \u00e0 6h), en mono ou en triphas\u00e9.<br \/>A l&rsquo;usage, vous vous rendez compte que la puissance (en amp\u00e9rage) que vous avez souscrite n&rsquo;est peut-\u00eatre pas suffisante, aussi nous pouvons tr\u00e8s rapidement vous aider \u00e0 r\u00e9gler ce probl\u00e8me, venez-nous en parler.<\/p>\n<p>[\/et_pb_text][\/et_pb_column][\/et_pb_row][\/et_pb_section]<\/p>\n","protected":false},"excerpt":{"rendered":"<p>R\u00e9gie \u00e9lectriqueQU\u2019EST-CE QU\u2019UNE R\u00c9GIE ? Il existe en France environ 250 organismes distribuant de l\u2019\u00e9nergie \u00e9lectrique qui sont autonomes et ind\u00e9pendants d\u2019E.R.D.F.- G.R.D.F : ce sont les ELD (Entreprises Locales de Distribution). Ils desservent 5 % des quantit\u00e9s distribu\u00e9es et concernent 2800 communes sur 40 d\u00e9partements. La population int\u00e9ress\u00e9e est d\u2019environ 3 500 000 habitants [&hellip;]<\/p>\n","protected":false},"author":1,"featured_media":0,"parent":0,"menu_order":0,"comment_status":"closed","ping_status":"closed","template":"","meta":{"_et_pb_use_builder":"on","_et_pb_old_content":"<!-- wp:divi\/placeholder \/-->","_et_gb_content_width":"","footnotes":""},"class_list":["post-2942","page","type-page","status-publish","hentry"],"_links":{"self":[{"href":"https:\/\/www.saulnes.fr\/index.php?rest_route=\/wp\/v2\/pages\/2942","targetHints":{"allow":["GET"]}}],"collection":[{"href":"https:\/\/www.saulnes.fr\/index.php?rest_route=\/wp\/v2\/pages"}],"about":[{"href":"https:\/\/www.saulnes.fr\/index.php?rest_route=\/wp\/v2\/types\/page"}],"author":[{"embeddable":true,"href":"https:\/\/www.saulnes.fr\/index.php?rest_route=\/wp\/v2\/users\/1"}],"replies":[{"embeddable":true,"href":"https:\/\/www.saulnes.fr\/index.php?rest_route=%2Fwp%2Fv2%2Fcomments&post=2942"}],"version-history":[{"count":3,"href":"https:\/\/www.saulnes.fr\/index.php?rest_route=\/wp\/v2\/pages\/2942\/revisions"}],"predecessor-version":[{"id":2979,"href":"https:\/\/www.saulnes.fr\/index.php?rest_route=\/wp\/v2\/pages\/2942\/revisions\/2979"}],"wp:attachment":[{"href":"https:\/\/www.saulnes.fr\/index.php?rest_route=%2Fwp%2Fv2%2Fmedia&parent=2942"}],"curies":[{"name":"wp","href":"https:\/\/api.w.org\/{rel}","templated":true}]}}