{"id":2944,"date":"2025-01-21T13:15:20","date_gmt":"2025-01-21T12:15:20","guid":{"rendered":"https:\/\/www.saulnes.fr\/?page_id=2944"},"modified":"2025-09-11T14:25:16","modified_gmt":"2025-09-11T13:25:16","slug":"ccas","status":"publish","type":"page","link":"https:\/\/www.saulnes.fr\/?page_id=2944","title":{"rendered":"CCAS"},"content":{"rendered":"<p>[et_pb_section fb_built=\u00a0\u00bb1&Prime; _builder_version=\u00a0\u00bb4.16&Prime; _module_preset=\u00a0\u00bbdefault\u00a0\u00bb global_colors_info=\u00a0\u00bb{}\u00a0\u00bb][et_pb_row _builder_version=\u00a0\u00bb4.16&Prime; _module_preset=\u00a0\u00bbdefault\u00a0\u00bb custom_margin=\u00a0\u00bb80px|auto||auto||\u00a0\u00bb custom_padding=\u00a0\u00bb||4px|||\u00a0\u00bb global_colors_info=\u00a0\u00bb{}\u00a0\u00bb][et_pb_column type=\u00a0\u00bb4_4&Prime; _builder_version=\u00a0\u00bb4.16&Prime; _module_preset=\u00a0\u00bbdefault\u00a0\u00bb global_colors_info=\u00a0\u00bb{}\u00a0\u00bb][et_pb_text _builder_version=\u00a0\u00bb4.27.4&Prime; _module_preset=\u00a0\u00bbdefault\u00a0\u00bb custom_margin=\u00a0\u00bb||-1px|||\u00a0\u00bb global_colors_info=\u00a0\u00bb{}\u00a0\u00bb]<\/p>\n<h1>Centre Communal d&rsquo;Action Sociale (CCAS)<\/h1>\n<p>[\/et_pb_text][et_pb_divider divider_weight=\u00a0\u00bb7px\u00a0\u00bb _builder_version=\u00a0\u00bb4.16&Prime; _module_preset=\u00a0\u00bbdefault\u00a0\u00bb global_colors_info=\u00a0\u00bb{}\u00a0\u00bb][\/et_pb_divider][et_pb_text _builder_version=\u00a0\u00bb4.27.4&Prime; _module_preset=\u00a0\u00bbdefault\u00a0\u00bb global_colors_info=\u00a0\u00bb{}\u00a0\u00bb]<\/p>\n<h4>Permanence sociale<\/h4>\n<p>les mardis apr\u00e8s-midi sur rendez-vous<\/p>\n<h4>Aides de fin d&rsquo;ann\u00e9e<\/h4>\n<p>En fin d\u2019ann\u00e9e, il offre une aide \u00e0 tous les <strong>s\u00e9niors (de 63 ans et +)<\/strong> ainsi qu&rsquo;une aide aux\u00a0 <strong>\u00e9tudiants de l\u2019enseignement sup\u00e9rieur<\/strong> pour lesquels nous avons besoin d\u2019un certificat de scolarit\u00e9 ainsi qu\u2019un RIB.<\/p>\n<p>&nbsp;<\/p>\n<h5>Pour pouvoir b\u00e9n\u00e9ficier des avantages que propose la commune, il faut \u00eatre inscrit dans le fichier population de la Mairie (l\u2019inscription n\u2019est pas automatique en arrivant dans la commune ou en y habitant depuis plusieurs ann\u00e9es).<\/h5>\n<p>[\/et_pb_text][\/et_pb_column][\/et_pb_row][\/et_pb_section]<\/p>\n","protected":false},"excerpt":{"rendered":"<p>Centre Communal d&rsquo;Action Sociale (CCAS)Permanence sociale les mardis apr\u00e8s-midi sur rendez-vous Aides de fin d&rsquo;ann\u00e9e En fin d\u2019ann\u00e9e, il offre une aide \u00e0 tous les s\u00e9niors (de 63 ans et +) ainsi qu&rsquo;une aide aux\u00a0 \u00e9tudiants de l\u2019enseignement sup\u00e9rieur pour lesquels nous avons besoin d\u2019un certificat de scolarit\u00e9 ainsi qu\u2019un RIB. &nbsp; Pour pouvoir b\u00e9n\u00e9ficier [&hellip;]<\/p>\n","protected":false},"author":1,"featured_media":0,"parent":0,"menu_order":0,"comment_status":"closed","ping_status":"closed","template":"","meta":{"_et_pb_use_builder":"on","_et_pb_old_content":"<!-- wp:divi\/placeholder \/-->","_et_gb_content_width":"","footnotes":""},"class_list":["post-2944","page","type-page","status-publish","hentry"],"_links":{"self":[{"href":"https:\/\/www.saulnes.fr\/index.php?rest_route=\/wp\/v2\/pages\/2944","targetHints":{"allow":["GET"]}}],"collection":[{"href":"https:\/\/www.saulnes.fr\/index.php?rest_route=\/wp\/v2\/pages"}],"about":[{"href":"https:\/\/www.saulnes.fr\/index.php?rest_route=\/wp\/v2\/types\/page"}],"author":[{"embeddable":true,"href":"https:\/\/www.saulnes.fr\/index.php?rest_route=\/wp\/v2\/users\/1"}],"replies":[{"embeddable":true,"href":"https:\/\/www.saulnes.fr\/index.php?rest_route=%2Fwp%2Fv2%2Fcomments&post=2944"}],"version-history":[{"count":6,"href":"https:\/\/www.saulnes.fr\/index.php?rest_route=\/wp\/v2\/pages\/2944\/revisions"}],"predecessor-version":[{"id":3082,"href":"https:\/\/www.saulnes.fr\/index.php?rest_route=\/wp\/v2\/pages\/2944\/revisions\/3082"}],"wp:attachment":[{"href":"https:\/\/www.saulnes.fr\/index.php?rest_route=%2Fwp%2Fv2%2Fmedia&parent=2944"}],"curies":[{"name":"wp","href":"https:\/\/api.w.org\/{rel}","templated":true}]}}