{"id":9,"date":"2015-12-21T12:51:12","date_gmt":"2015-12-21T11:51:12","guid":{"rendered":"http:\/\/www.saulnes.fr\/?page_id=9"},"modified":"2024-04-26T13:45:18","modified_gmt":"2024-04-26T12:45:18","slug":"equipe-municipale","status":"publish","type":"page","link":"https:\/\/www.saulnes.fr\/?page_id=9","title":{"rendered":"\u00c9quipe municipale"},"content":{"rendered":"<p>[et_pb_section fb_built=\u00a0\u00bb1&Prime; admin_label=\u00a0\u00bbsection\u00a0\u00bb _builder_version=\u00a0\u00bb4.16&Prime; global_colors_info=\u00a0\u00bb{}\u00a0\u00bb][et_pb_row _builder_version=\u00a0\u00bb4.16&Prime; _module_preset=\u00a0\u00bbdefault\u00a0\u00bb custom_margin=\u00a0\u00bb80px|auto||auto||\u00a0\u00bb global_colors_info=\u00a0\u00bb{}\u00a0\u00bb][et_pb_column type=\u00a0\u00bb4_4&Prime; _builder_version=\u00a0\u00bb4.16&Prime; _module_preset=\u00a0\u00bbdefault\u00a0\u00bb global_colors_info=\u00a0\u00bb{}\u00a0\u00bb][et_pb_text _builder_version=\u00a0\u00bb4.24.3&Prime; _module_preset=\u00a0\u00bbdefault\u00a0\u00bb custom_margin=\u00a0\u00bb||-1px|||\u00a0\u00bb global_colors_info=\u00a0\u00bb{}\u00a0\u00bb]<\/p>\n<h1>L&rsquo;\u00e9quipe Municipale<\/h1>\n<p>[\/et_pb_text][et_pb_divider divider_weight=\u00a0\u00bb7px\u00a0\u00bb _builder_version=\u00a0\u00bb4.16&Prime; _module_preset=\u00a0\u00bbdefault\u00a0\u00bb global_colors_info=\u00a0\u00bb{}\u00a0\u00bb][\/et_pb_divider][\/et_pb_column][\/et_pb_row][et_pb_row column_structure=\u00a0\u00bb1_3,2_3&Prime; _builder_version=\u00a0\u00bb4.24.3&Prime; _module_preset=\u00a0\u00bbdefault\u00a0\u00bb global_colors_info=\u00a0\u00bb{}\u00a0\u00bb][et_pb_column type=\u00a0\u00bb1_3&Prime; _builder_version=\u00a0\u00bb4.24.3&Prime; _module_preset=\u00a0\u00bbdefault\u00a0\u00bb global_colors_info=\u00a0\u00bb{}\u00a0\u00bb][et_pb_image src=\u00a0\u00bbhttps:\/\/www.saulnes.fr\/wp-content\/uploads\/2021\/03\/AdrienZolfo.jpg\u00a0\u00bb title_text=\u00a0\u00bbAdrienZolfo\u00a0\u00bb _builder_version=\u00a0\u00bb4.24.3&Prime; _module_preset=\u00a0\u00bbdefault\u00a0\u00bb global_colors_info=\u00a0\u00bb{}\u00a0\u00bb][\/et_pb_image][\/et_pb_column][et_pb_column type=\u00a0\u00bb2_3&Prime; _builder_version=\u00a0\u00bb4.24.3&Prime; _module_preset=\u00a0\u00bbdefault\u00a0\u00bb global_colors_info=\u00a0\u00bb{}\u00a0\u00bb][et_pb_text _builder_version=\u00a0\u00bb4.24.3&Prime; _module_preset=\u00a0\u00bbdefault\u00a0\u00bb global_colors_info=\u00a0\u00bb{}\u00a0\u00bb]<\/p>\n<div class=\"et_pb_column et_pb_column_3_4 et_pb_column_2  et_pb_css_mix_blend_mode_passthrough et-last-child\">\n<div class=\"et_pb_module et_pb_text et_pb_text_1  et_pb_text_align_left et_pb_bg_layout_light\">\n<div class=\"et_pb_text_inner\">\n<h3>ZOLFO Adrien<\/h3>\n<p>\u2022 Maire<br \/>\u2022 Vice-pr\u00e9sident \u00e0 la Communaut\u00e9 d\u2019agglom\u00e9ration de Longwy<br \/>\u2022 Membre de toutes les commissions municipales<\/p>\n<\/div>\n<\/div>\n<\/div>\n<p>[\/et_pb_text][\/et_pb_column][\/et_pb_row][et_pb_row column_structure=\u00a0\u00bb1_3,2_3&Prime; _builder_version=\u00a0\u00bb4.24.3&Prime; _module_preset=\u00a0\u00bbdefault\u00a0\u00bb global_colors_info=\u00a0\u00bb{}\u00a0\u00bb][et_pb_column type=\u00a0\u00bb1_3&Prime; _builder_version=\u00a0\u00bb4.24.3&Prime; _module_preset=\u00a0\u00bbdefault\u00a0\u00bb global_colors_info=\u00a0\u00bb{}\u00a0\u00bb][et_pb_image src=\u00a0\u00bbhttps:\/\/www.saulnes.fr\/wp-content\/uploads\/2021\/03\/ChristianeWagner.jpg\u00a0\u00bb title_text=\u00a0\u00bbChristianeWagner\u00a0\u00bb _builder_version=\u00a0\u00bb4.24.3&Prime; _module_preset=\u00a0\u00bbdefault\u00a0\u00bb global_colors_info=\u00a0\u00bb{}\u00a0\u00bb][\/et_pb_image][\/et_pb_column][et_pb_column type=\u00a0\u00bb2_3&Prime; _builder_version=\u00a0\u00bb4.24.3&Prime; _module_preset=\u00a0\u00bbdefault\u00a0\u00bb global_colors_info=\u00a0\u00bb{}\u00a0\u00bb][et_pb_text _builder_version=\u00a0\u00bb4.24.3&Prime; _module_preset=\u00a0\u00bbdefault\u00a0\u00bb global_colors_info=\u00a0\u00bb{}\u00a0\u00bb]<\/p>\n<div class=\"et_pb_column et_pb_column_3_4 et_pb_column_2  et_pb_css_mix_blend_mode_passthrough et-last-child\">\n<div class=\"et_pb_module et_pb_text et_pb_text_1  et_pb_text_align_left et_pb_bg_layout_light\">\n<div class=\"et_pb_text_inner\">\n<div class=\"et_pb_column et_pb_column_3_4 et_pb_column_4  et_pb_css_mix_blend_mode_passthrough et-last-child\">\n<div class=\"et_pb_module et_pb_text et_pb_text_2  et_pb_text_align_left et_pb_bg_layout_light\">\n<div class=\"et_pb_text_inner\">\n<h3>WAGNER Christiane<\/h3>\n<p>\u2022 1\u00e8re adjointe au Maire<br \/>\u2022 Conseill\u00e8re communautaire \u00e0 la Communaut\u00e9 d\u2019agglom\u00e9ration de Longwy<br \/>\u2022 Responsable de la commission municipale \u201c\u00c9coles, culture, tourisme et coop\u00e9ration transfrontali\u00e8re\u00a0\u00bb<\/p>\n<\/div>\n<\/div>\n<\/div>\n<\/div>\n<\/div>\n<\/div>\n<p>[\/et_pb_text][\/et_pb_column][\/et_pb_row][et_pb_row column_structure=\u00a0\u00bb1_3,2_3&Prime; _builder_version=\u00a0\u00bb4.24.3&Prime; _module_preset=\u00a0\u00bbdefault\u00a0\u00bb global_colors_info=\u00a0\u00bb{}\u00a0\u00bb][et_pb_column type=\u00a0\u00bb1_3&Prime; _builder_version=\u00a0\u00bb4.24.3&Prime; _module_preset=\u00a0\u00bbdefault\u00a0\u00bb global_colors_info=\u00a0\u00bb{}\u00a0\u00bb][et_pb_image src=\u00a0\u00bbhttps:\/\/www.saulnes.fr\/wp-content\/uploads\/2021\/03\/ClaudePierre.jpg\u00a0\u00bb title_text=\u00a0\u00bbClaudePierre\u00a0\u00bb _builder_version=\u00a0\u00bb4.24.3&Prime; _module_preset=\u00a0\u00bbdefault\u00a0\u00bb global_colors_info=\u00a0\u00bb{}\u00a0\u00bb][\/et_pb_image][\/et_pb_column][et_pb_column type=\u00a0\u00bb2_3&Prime; _builder_version=\u00a0\u00bb4.24.3&Prime; _module_preset=\u00a0\u00bbdefault\u00a0\u00bb global_colors_info=\u00a0\u00bb{}\u00a0\u00bb][et_pb_text _builder_version=\u00a0\u00bb4.24.3&Prime; _module_preset=\u00a0\u00bbdefault\u00a0\u00bb global_colors_info=\u00a0\u00bb{}\u00a0\u00bb]<\/p>\n<div class=\"et_pb_column et_pb_column_3_4 et_pb_column_2  et_pb_css_mix_blend_mode_passthrough et-last-child\">\n<div class=\"et_pb_module et_pb_text et_pb_text_1  et_pb_text_align_left et_pb_bg_layout_light\">\n<div class=\"et_pb_text_inner\">\n<div class=\"et_pb_column et_pb_column_3_4 et_pb_column_4  et_pb_css_mix_blend_mode_passthrough et-last-child\">\n<div class=\"et_pb_module et_pb_text et_pb_text_2  et_pb_text_align_left et_pb_bg_layout_light\">\n<div class=\"et_pb_text_inner\">\n<div class=\"et_pb_column et_pb_column_3_4 et_pb_column_6  et_pb_css_mix_blend_mode_passthrough et-last-child\">\n<div class=\"et_pb_module et_pb_text et_pb_text_3  et_pb_text_align_left et_pb_bg_layout_light\">\n<div class=\"et_pb_text_inner\">\n<h3>PIERRE Claude<\/h3>\n<p>\u2022 2\u00e8me adjoint au Maire<br \/>\u2022 Responsable de la commission municipale \u201cAccessibilit\u00e9, s\u00e9curit\u00e9, biblioth\u00e8que, jeunesse et associations\u00a0\u00bb<\/p>\n<\/div>\n<\/div>\n<\/div>\n<\/div>\n<\/div>\n<\/div>\n<\/div>\n<\/div>\n<\/div>\n<p>[\/et_pb_text][\/et_pb_column][\/et_pb_row][et_pb_row column_structure=\u00a0\u00bb1_3,2_3&Prime; _builder_version=\u00a0\u00bb4.24.3&Prime; _module_preset=\u00a0\u00bbdefault\u00a0\u00bb global_colors_info=\u00a0\u00bb{}\u00a0\u00bb][et_pb_column type=\u00a0\u00bb1_3&Prime; _builder_version=\u00a0\u00bb4.24.3&Prime; _module_preset=\u00a0\u00bbdefault\u00a0\u00bb global_colors_info=\u00a0\u00bb{}\u00a0\u00bb][et_pb_image src=\u00a0\u00bbhttps:\/\/www.saulnes.fr\/wp-content\/uploads\/2021\/03\/YvetteSalari.jpg\u00a0\u00bb title_text=\u00a0\u00bbYvetteSalari\u00a0\u00bb _builder_version=\u00a0\u00bb4.24.3&Prime; _module_preset=\u00a0\u00bbdefault\u00a0\u00bb global_colors_info=\u00a0\u00bb{}\u00a0\u00bb][\/et_pb_image][\/et_pb_column][et_pb_column type=\u00a0\u00bb2_3&Prime; _builder_version=\u00a0\u00bb4.24.3&Prime; _module_preset=\u00a0\u00bbdefault\u00a0\u00bb global_colors_info=\u00a0\u00bb{}\u00a0\u00bb][et_pb_text _builder_version=\u00a0\u00bb4.24.3&Prime; _module_preset=\u00a0\u00bbdefault\u00a0\u00bb global_colors_info=\u00a0\u00bb{}\u00a0\u00bb]<\/p>\n<div class=\"et_pb_column et_pb_column_3_4 et_pb_column_2  et_pb_css_mix_blend_mode_passthrough et-last-child\">\n<div class=\"et_pb_module et_pb_text et_pb_text_1  et_pb_text_align_left et_pb_bg_layout_light\">\n<div class=\"et_pb_text_inner\">\n<div class=\"et_pb_column et_pb_column_3_4 et_pb_column_4  et_pb_css_mix_blend_mode_passthrough et-last-child\">\n<div class=\"et_pb_module et_pb_text et_pb_text_2  et_pb_text_align_left et_pb_bg_layout_light\">\n<div class=\"et_pb_text_inner\">\n<div class=\"et_pb_column et_pb_column_3_4 et_pb_column_6  et_pb_css_mix_blend_mode_passthrough et-last-child\">\n<div class=\"et_pb_module et_pb_text et_pb_text_3  et_pb_text_align_left et_pb_bg_layout_light\">\n<div class=\"et_pb_text_inner\">\n<div class=\"et_pb_column et_pb_column_3_4 et_pb_column_8  et_pb_css_mix_blend_mode_passthrough et-last-child\">\n<div class=\"et_pb_module et_pb_text et_pb_text_4  et_pb_text_align_left et_pb_bg_layout_light\">\n<div class=\"et_pb_text_inner\">\n<h3>SALARI Yvette<\/h3>\n<p>\u2022 3\u00e8me adjointe au Maire <br \/>\u2022 Responsable de la Commission municipale \u201cF\u00eates, loisirs, sports et information\u00a0\u00bb<\/p>\n<\/div>\n<\/div>\n<\/div>\n<\/div>\n<\/div>\n<\/div>\n<\/div>\n<\/div>\n<\/div>\n<\/div>\n<\/div>\n<\/div>\n<p>[\/et_pb_text][\/et_pb_column][\/et_pb_row][et_pb_row column_structure=\u00a0\u00bb1_3,2_3&Prime; _builder_version=\u00a0\u00bb4.24.3&Prime; _module_preset=\u00a0\u00bbdefault\u00a0\u00bb global_colors_info=\u00a0\u00bb{}\u00a0\u00bb][et_pb_column type=\u00a0\u00bb1_3&Prime; _builder_version=\u00a0\u00bb4.24.3&Prime; _module_preset=\u00a0\u00bbdefault\u00a0\u00bb global_colors_info=\u00a0\u00bb{}\u00a0\u00bb][et_pb_image src=\u00a0\u00bbhttps:\/\/www.saulnes.fr\/wp-content\/uploads\/2021\/03\/JeanMarcelDropsy.jpg\u00a0\u00bb title_text=\u00a0\u00bbJeanMarcelDropsy\u00a0\u00bb _builder_version=\u00a0\u00bb4.24.3&Prime; _module_preset=\u00a0\u00bbdefault\u00a0\u00bb global_colors_info=\u00a0\u00bb{}\u00a0\u00bb][\/et_pb_image][\/et_pb_column][et_pb_column type=\u00a0\u00bb2_3&Prime; _builder_version=\u00a0\u00bb4.24.3&Prime; _module_preset=\u00a0\u00bbdefault\u00a0\u00bb global_colors_info=\u00a0\u00bb{}\u00a0\u00bb][et_pb_text _builder_version=\u00a0\u00bb4.24.3&Prime; _module_preset=\u00a0\u00bbdefault\u00a0\u00bb global_colors_info=\u00a0\u00bb{}\u00a0\u00bb]<\/p>\n<div class=\"et_pb_column et_pb_column_3_4 et_pb_column_10  et_pb_css_mix_blend_mode_passthrough et-last-child\">\n<div class=\"et_pb_module et_pb_text et_pb_text_5  et_pb_text_align_left et_pb_bg_layout_light\">\n<div class=\"et_pb_text_inner\">\n<h3>DROPSY Jean-Marcel<\/h3>\n<p>\u2022 4\u00e8me adjoint au Maire<br \/>\u2022 Responsable de la commission municipale \u201c Environnement, fleurissement, espaces verts, for\u00eats, hygi\u00e8ne et propret\u00e9 de la Ville\u00a0\u00bb<\/p>\n<\/div>\n<\/div>\n<\/div>\n<p>[\/et_pb_text][\/et_pb_column][\/et_pb_row][et_pb_row column_structure=\u00a0\u00bb1_3,2_3&Prime; _builder_version=\u00a0\u00bb4.24.3&Prime; _module_preset=\u00a0\u00bbdefault\u00a0\u00bb global_colors_info=\u00a0\u00bb{}\u00a0\u00bb][et_pb_column type=\u00a0\u00bb1_3&Prime; _builder_version=\u00a0\u00bb4.24.3&Prime; _module_preset=\u00a0\u00bbdefault\u00a0\u00bb global_colors_info=\u00a0\u00bb{}\u00a0\u00bb][et_pb_image src=\u00a0\u00bbhttps:\/\/www.saulnes.fr\/wp-content\/uploads\/2021\/03\/MartineGoncalves.jpg\u00a0\u00bb title_text=\u00a0\u00bbMartineGoncalves\u00a0\u00bb _builder_version=\u00a0\u00bb4.24.3&Prime; _module_preset=\u00a0\u00bbdefault\u00a0\u00bb global_colors_info=\u00a0\u00bb{}\u00a0\u00bb][\/et_pb_image][\/et_pb_column][et_pb_column type=\u00a0\u00bb2_3&Prime; _builder_version=\u00a0\u00bb4.24.3&Prime; _module_preset=\u00a0\u00bbdefault\u00a0\u00bb global_colors_info=\u00a0\u00bb{}\u00a0\u00bb][et_pb_text _builder_version=\u00a0\u00bb4.24.3&Prime; _module_preset=\u00a0\u00bbdefault\u00a0\u00bb global_colors_info=\u00a0\u00bb{}\u00a0\u00bb]<\/p>\n<div class=\"et_pb_column et_pb_column_3_4 et_pb_column_10  et_pb_css_mix_blend_mode_passthrough et-last-child\">\n<div class=\"et_pb_module et_pb_text et_pb_text_5  et_pb_text_align_left et_pb_bg_layout_light\">\n<div class=\"et_pb_text_inner\">\n<div class=\"et_pb_column et_pb_column_3_4 et_pb_column_12  et_pb_css_mix_blend_mode_passthrough et-last-child\">\n<div class=\"et_pb_module et_pb_text et_pb_text_6  et_pb_text_align_left et_pb_bg_layout_light\">\n<div class=\"et_pb_text_inner\">\n<h3>GONCALVES Catherine<\/h3>\n<p>\u2022 5\u00e8me adjointe au Maire<br \/>\u2022 Responsable de la commission \u201cAction sociale, cimeti\u00e8re, monuments, location de salles et chenils\u00a0\u00bb<\/p>\n<\/div>\n<\/div>\n<\/div>\n<\/div>\n<\/div>\n<\/div>\n<p>[\/et_pb_text][\/et_pb_column][\/et_pb_row][et_pb_row column_structure=\u00a0\u00bb1_3,2_3&Prime; _builder_version=\u00a0\u00bb4.24.3&Prime; _module_preset=\u00a0\u00bbdefault\u00a0\u00bb global_colors_info=\u00a0\u00bb{}\u00a0\u00bb][et_pb_column type=\u00a0\u00bb1_3&Prime; _builder_version=\u00a0\u00bb4.24.3&Prime; _module_preset=\u00a0\u00bbdefault\u00a0\u00bb global_colors_info=\u00a0\u00bb{}\u00a0\u00bb][et_pb_image src=\u00a0\u00bbhttps:\/\/www.saulnes.fr\/wp-content\/uploads\/2021\/03\/GerardArquin.jpg\u00a0\u00bb title_text=\u00a0\u00bbGerardArquin\u00a0\u00bb _builder_version=\u00a0\u00bb4.24.3&Prime; _module_preset=\u00a0\u00bbdefault\u00a0\u00bb global_colors_info=\u00a0\u00bb{}\u00a0\u00bb][\/et_pb_image][\/et_pb_column][et_pb_column type=\u00a0\u00bb2_3&Prime; _builder_version=\u00a0\u00bb4.24.3&Prime; _module_preset=\u00a0\u00bbdefault\u00a0\u00bb global_colors_info=\u00a0\u00bb{}\u00a0\u00bb][et_pb_text _builder_version=\u00a0\u00bb4.24.3&Prime; _module_preset=\u00a0\u00bbdefault\u00a0\u00bb global_colors_info=\u00a0\u00bb{}\u00a0\u00bb]<\/p>\n<div class=\"et_pb_column et_pb_column_3_4 et_pb_column_14  et_pb_css_mix_blend_mode_passthrough et-last-child\">\n<div class=\"et_pb_module et_pb_text et_pb_text_7  et_pb_text_align_left et_pb_bg_layout_light\">\n<div class=\"et_pb_text_inner\">\n<h3>ARQUIN G\u00e9rard<\/h3>\n<p>\u2022 Membre de la commission \u201cTravaux, urbanisme, b\u00e2timents et logements communaux\u00a0\u00bb<br \/>\u2022 Membre suppl\u00e9ant de la Commission Communale d\u2019Appel d\u2019Offres<\/p>\n<\/div>\n<\/div>\n<\/div>\n<p>[\/et_pb_text][\/et_pb_column][\/et_pb_row][et_pb_row column_structure=\u00a0\u00bb1_3,2_3&Prime; _builder_version=\u00a0\u00bb4.24.3&Prime; _module_preset=\u00a0\u00bbdefault\u00a0\u00bb global_colors_info=\u00a0\u00bb{}\u00a0\u00bb][et_pb_column type=\u00a0\u00bb1_3&Prime; _builder_version=\u00a0\u00bb4.24.3&Prime; _module_preset=\u00a0\u00bbdefault\u00a0\u00bb global_colors_info=\u00a0\u00bb{}\u00a0\u00bb][et_pb_image src=\u00a0\u00bbhttps:\/\/www.saulnes.fr\/wp-content\/uploads\/2021\/03\/FilipeBastos.jpg\u00a0\u00bb title_text=\u00a0\u00bbFilipeBastos\u00a0\u00bb _builder_version=\u00a0\u00bb4.24.3&Prime; _module_preset=\u00a0\u00bbdefault\u00a0\u00bb global_colors_info=\u00a0\u00bb{}\u00a0\u00bb][\/et_pb_image][\/et_pb_column][et_pb_column type=\u00a0\u00bb2_3&Prime; _builder_version=\u00a0\u00bb4.24.3&Prime; _module_preset=\u00a0\u00bbdefault\u00a0\u00bb global_colors_info=\u00a0\u00bb{}\u00a0\u00bb][et_pb_text _builder_version=\u00a0\u00bb4.24.3&Prime; _module_preset=\u00a0\u00bbdefault\u00a0\u00bb global_colors_info=\u00a0\u00bb{}\u00a0\u00bb]<\/p>\n<div class=\"et_pb_column et_pb_column_3_4 et_pb_column_16  et_pb_css_mix_blend_mode_passthrough et-last-child\">\n<div class=\"et_pb_module et_pb_text et_pb_text_8  et_pb_text_align_left et_pb_bg_layout_light\">\n<div class=\"et_pb_text_inner\">\n<h3>BASTOS Filipe<\/h3>\n<p>\u2022 Membre de la commission \u201cTravaux, urbanisme, b\u00e2timents et logements communaux\u00a0\u00bb<br \/>\u2022 Membre de la commission \u201cSaulnes vers la Transition 2030&Prime; \u2013 \u00c9co-r\u00e9novation et \u00e9nergie solaire<br \/>\u2022 Membre suppl\u00e9ant de la Commission Communale d\u2019Appel d\u2019Offres<\/p>\n<\/div>\n<\/div>\n<\/div>\n<p>[\/et_pb_text][\/et_pb_column][\/et_pb_row][et_pb_row column_structure=\u00a0\u00bb1_3,2_3&Prime; _builder_version=\u00a0\u00bb4.24.3&Prime; _module_preset=\u00a0\u00bbdefault\u00a0\u00bb global_colors_info=\u00a0\u00bb{}\u00a0\u00bb][et_pb_column type=\u00a0\u00bb1_3&Prime; _builder_version=\u00a0\u00bb4.24.3&Prime; _module_preset=\u00a0\u00bbdefault\u00a0\u00bb global_colors_info=\u00a0\u00bb{}\u00a0\u00bb][et_pb_image src=\u00a0\u00bbhttps:\/\/www.saulnes.fr\/wp-content\/uploads\/2021\/03\/VirginieFantin.jpg\u00a0\u00bb title_text=\u00a0\u00bbVirginieFantin\u00a0\u00bb _builder_version=\u00a0\u00bb4.24.3&Prime; _module_preset=\u00a0\u00bbdefault\u00a0\u00bb global_colors_info=\u00a0\u00bb{}\u00a0\u00bb][\/et_pb_image][\/et_pb_column][et_pb_column type=\u00a0\u00bb2_3&Prime; _builder_version=\u00a0\u00bb4.24.3&Prime; _module_preset=\u00a0\u00bbdefault\u00a0\u00bb global_colors_info=\u00a0\u00bb{}\u00a0\u00bb][et_pb_text _builder_version=\u00a0\u00bb4.24.3&Prime; _module_preset=\u00a0\u00bbdefault\u00a0\u00bb global_colors_info=\u00a0\u00bb{}\u00a0\u00bb]<\/p>\n<div class=\"et_pb_column et_pb_column_3_4 et_pb_column_20  et_pb_css_mix_blend_mode_passthrough et-last-child\">\n<div class=\"et_pb_module et_pb_text et_pb_text_10  et_pb_text_align_left et_pb_bg_layout_light\">\n<div class=\"et_pb_text_inner\">\n<h3>FANTIN Virginie<\/h3>\n<p>\u00a0\u2022 Membre de la commission \u201c\u00c9coles, culture, tourisme et coop\u00e9ration transfrontali\u00e8re\u00a0\u00bb<br \/>\u2022 Membre de la commission \u201cAction sociale, cimeti\u00e8re, monuments, location de salles et chenils\u00a0\u00bb<br \/>\u2022 Membre de la commission \u201cSaulnes vers la Transition 2030&Prime; \u2013 Petits gestes pour l\u2019environnement<br \/>\u2022 Membre de la commission \u201cSaulnes vers la Transition 2030&Prime; \u2013 Urbanisme<br \/>\u2022 Membre du Centre communal d\u2019action sociale<br \/>\u2022 D\u00e9l\u00e9gu\u00e9e titulaire au SIVU Fourri\u00e8re Joli-Bois de Moineville<\/p>\n<\/div>\n<\/div>\n<\/div>\n<p>[\/et_pb_text][\/et_pb_column][\/et_pb_row][et_pb_row column_structure=\u00a0\u00bb1_3,2_3&Prime; _builder_version=\u00a0\u00bb4.24.3&Prime; _module_preset=\u00a0\u00bbdefault\u00a0\u00bb global_colors_info=\u00a0\u00bb{}\u00a0\u00bb][et_pb_column type=\u00a0\u00bb1_3&Prime; _builder_version=\u00a0\u00bb4.24.3&Prime; _module_preset=\u00a0\u00bbdefault\u00a0\u00bb global_colors_info=\u00a0\u00bb{}\u00a0\u00bb][et_pb_image src=\u00a0\u00bbhttps:\/\/www.saulnes.fr\/wp-content\/uploads\/2021\/03\/JeanMarcGourdin.jpg\u00a0\u00bb title_text=\u00a0\u00bbJeanMarcGourdin\u00a0\u00bb _builder_version=\u00a0\u00bb4.24.3&Prime; _module_preset=\u00a0\u00bbdefault\u00a0\u00bb global_colors_info=\u00a0\u00bb{}\u00a0\u00bb][\/et_pb_image][\/et_pb_column][et_pb_column type=\u00a0\u00bb2_3&Prime; _builder_version=\u00a0\u00bb4.24.3&Prime; _module_preset=\u00a0\u00bbdefault\u00a0\u00bb global_colors_info=\u00a0\u00bb{}\u00a0\u00bb][et_pb_text _builder_version=\u00a0\u00bb4.24.3&Prime; _module_preset=\u00a0\u00bbdefault\u00a0\u00bb global_colors_info=\u00a0\u00bb{}\u00a0\u00bb]<\/p>\n<div class=\"et_pb_column et_pb_column_3_4 et_pb_column_22  et_pb_css_mix_blend_mode_passthrough et-last-child\">\n<div class=\"et_pb_module et_pb_text et_pb_text_11  et_pb_text_align_left et_pb_bg_layout_light\">\n<div class=\"et_pb_text_inner\">\n<h3>GOURDIN Jean-Marc<\/h3>\n<p>\u2022 Membre de la commission \u201c\u00c9coles, culture, tourisme et coop\u00e9ration transfrontali\u00e8re\u00a0\u00bb<br \/>\u2022 Membre de la commission \u201cF\u00eates et loisirs, sports et information\u00a0\u00bb<br \/>\u2022 Membre de la commission \u201cTravaux, urbanisme, b\u00e2timents et logements communaux\u00a0\u00bb<br \/>\u2022 D\u00e9l\u00e9gu\u00e9 suppl\u00e9ant au Syndicat \u201cLe Fil bleu\u00a0\u00bb<\/p>\n<\/div>\n<\/div>\n<\/div>\n<p>[\/et_pb_text][\/et_pb_column][\/et_pb_row][et_pb_row column_structure=\u00a0\u00bb1_3,2_3&Prime; _builder_version=\u00a0\u00bb4.24.3&Prime; _module_preset=\u00a0\u00bbdefault\u00a0\u00bb global_colors_info=\u00a0\u00bb{}\u00a0\u00bb][et_pb_column type=\u00a0\u00bb1_3&Prime; _builder_version=\u00a0\u00bb4.24.3&Prime; _module_preset=\u00a0\u00bbdefault\u00a0\u00bb global_colors_info=\u00a0\u00bb{}\u00a0\u00bb][et_pb_image src=\u00a0\u00bbhttps:\/\/www.saulnes.fr\/wp-content\/uploads\/2021\/03\/EricJourdois.jpg\u00a0\u00bb title_text=\u00a0\u00bbEricJourdois\u00a0\u00bb _builder_version=\u00a0\u00bb4.24.3&Prime; _module_preset=\u00a0\u00bbdefault\u00a0\u00bb global_colors_info=\u00a0\u00bb{}\u00a0\u00bb][\/et_pb_image][\/et_pb_column][et_pb_column type=\u00a0\u00bb2_3&Prime; _builder_version=\u00a0\u00bb4.24.3&Prime; _module_preset=\u00a0\u00bbdefault\u00a0\u00bb global_colors_info=\u00a0\u00bb{}\u00a0\u00bb][et_pb_text _builder_version=\u00a0\u00bb4.24.3&Prime; _module_preset=\u00a0\u00bbdefault\u00a0\u00bb global_colors_info=\u00a0\u00bb{}\u00a0\u00bb]<\/p>\n<div class=\"et_pb_column et_pb_column_3_4 et_pb_column_24  et_pb_css_mix_blend_mode_passthrough et-last-child\">\n<div class=\"et_pb_module et_pb_text et_pb_text_12  et_pb_text_align_left et_pb_bg_layout_light\">\n<div class=\"et_pb_text_inner\">\n<h3>JOURDOIS \u00c9ric<\/h3>\n<p>\u2022 Membre de la commission \u201cF\u00eates, loisirs, sports et information\u00a0\u00bb<br \/>\u2022 Membre de la commission \u201cTravaux, urbanisme, b\u00e2timents et logements communaux\u00a0\u00bb<br \/>\u2022 D\u00e9l\u00e9gu\u00e9 suppl\u00e9ant \u00e0 la R\u00e9gie communale \u00e9lectrique de Saulnes<br \/>\u2022 D\u00e9l\u00e9gu\u00e9 suppl\u00e9ant au Syndicat \u201cLe Fil bleu\u00a0\u00bb<\/p>\n<\/div>\n<\/div>\n<\/div>\n<p>[\/et_pb_text][\/et_pb_column][\/et_pb_row][et_pb_row column_structure=\u00a0\u00bb1_3,2_3&Prime; _builder_version=\u00a0\u00bb4.24.3&Prime; _module_preset=\u00a0\u00bbdefault\u00a0\u00bb global_colors_info=\u00a0\u00bb{}\u00a0\u00bb][et_pb_column type=\u00a0\u00bb1_3&Prime; _builder_version=\u00a0\u00bb4.24.3&Prime; _module_preset=\u00a0\u00bbdefault\u00a0\u00bb global_colors_info=\u00a0\u00bb{}\u00a0\u00bb][et_pb_image src=\u00a0\u00bbhttps:\/\/www.saulnes.fr\/wp-content\/uploads\/2021\/03\/SylvieLefevre.jpg\u00a0\u00bb title_text=\u00a0\u00bbSylvieLefevre\u00a0\u00bb _builder_version=\u00a0\u00bb4.24.3&Prime; _module_preset=\u00a0\u00bbdefault\u00a0\u00bb global_colors_info=\u00a0\u00bb{}\u00a0\u00bb][\/et_pb_image][\/et_pb_column][et_pb_column type=\u00a0\u00bb2_3&Prime; _builder_version=\u00a0\u00bb4.24.3&Prime; _module_preset=\u00a0\u00bbdefault\u00a0\u00bb global_colors_info=\u00a0\u00bb{}\u00a0\u00bb][et_pb_text _builder_version=\u00a0\u00bb4.24.3&Prime; _module_preset=\u00a0\u00bbdefault\u00a0\u00bb global_colors_info=\u00a0\u00bb{}\u00a0\u00bb]<\/p>\n<div class=\"et_pb_column et_pb_column_3_4 et_pb_column_26  et_pb_css_mix_blend_mode_passthrough et-last-child\">\n<div class=\"et_pb_module et_pb_text et_pb_text_13  et_pb_text_align_left et_pb_bg_layout_light\">\n<div class=\"et_pb_text_inner\">\n<h3>LE FEVRE Sylvie<\/h3>\n<p>\u2022 Membre de la commission \u201c\u00c9coles, culture, tourisme et coop\u00e9ration transfrontali\u00e8re\u00a0\u00bb<br \/>\u2022 Membre de la commission \u201cAction sociale, cimeti\u00e8re, monuments, location de salles et chenils\u00a0\u00bb<br \/>\u2022 Membre de la commission \u201cF\u00eates, loisirs, sports et information\u00a0\u00bb<br \/>\u2022 Membre de la commission \u201cSaulnes vers la Transition 2030&Prime; \u2013 Petits gestes pour l\u2019environnement<\/p>\n<\/div>\n<\/div>\n<\/div>\n<p>[\/et_pb_text][\/et_pb_column][\/et_pb_row][et_pb_row column_structure=\u00a0\u00bb1_3,2_3&Prime; _builder_version=\u00a0\u00bb4.24.3&Prime; _module_preset=\u00a0\u00bbdefault\u00a0\u00bb global_colors_info=\u00a0\u00bb{}\u00a0\u00bb][et_pb_column type=\u00a0\u00bb1_3&Prime; _builder_version=\u00a0\u00bb4.24.3&Prime; _module_preset=\u00a0\u00bbdefault\u00a0\u00bb global_colors_info=\u00a0\u00bb{}\u00a0\u00bb][et_pb_image src=\u00a0\u00bbhttps:\/\/www.saulnes.fr\/wp-content\/uploads\/2021\/03\/GhislaineRodrigues.jpg\u00a0\u00bb title_text=\u00a0\u00bbGhislaineRodrigues\u00a0\u00bb _builder_version=\u00a0\u00bb4.24.3&Prime; _module_preset=\u00a0\u00bbdefault\u00a0\u00bb global_colors_info=\u00a0\u00bb{}\u00a0\u00bb][\/et_pb_image][\/et_pb_column][et_pb_column type=\u00a0\u00bb2_3&Prime; _builder_version=\u00a0\u00bb4.24.3&Prime; _module_preset=\u00a0\u00bbdefault\u00a0\u00bb global_colors_info=\u00a0\u00bb{}\u00a0\u00bb][et_pb_text _builder_version=\u00a0\u00bb4.24.3&Prime; _module_preset=\u00a0\u00bbdefault\u00a0\u00bb global_colors_info=\u00a0\u00bb{}\u00a0\u00bb]<\/p>\n<div class=\"et_pb_column et_pb_column_3_4 et_pb_column_30  et_pb_css_mix_blend_mode_passthrough et-last-child\">\n<div class=\"et_pb_module et_pb_text et_pb_text_15  et_pb_text_align_left et_pb_bg_layout_light\">\n<div class=\"et_pb_text_inner\">\n<h3>RODRIGUES Ghislaine<\/h3>\n<p>\u00a0\u2022 Membre de la commission \u201c\u00c9coles, culture, tourisme et coop\u00e9ration transfrontali\u00e8re\u00a0\u00bb<br \/>\u2022 Membre de la commission \u201cF\u00eates, loisirs, sports et information\u00a0\u00bb<br \/>\u2022 Membre de la commission \u201cTravaux, urbanisme, b\u00e2timents et logements communaux\u00a0\u00bb<br \/>\u2022 Responsable de la commission \u201cSaulnes vers la Transition 2030&Prime; \u2013 Petits gestes pour l\u2019environnement<\/p>\n<\/div>\n<\/div>\n<\/div>\n<p>[\/et_pb_text][\/et_pb_column][\/et_pb_row][et_pb_row column_structure=\u00a0\u00bb1_3,2_3&Prime; _builder_version=\u00a0\u00bb4.24.3&Prime; _module_preset=\u00a0\u00bbdefault\u00a0\u00bb global_colors_info=\u00a0\u00bb{}\u00a0\u00bb][et_pb_column type=\u00a0\u00bb1_3&Prime; _builder_version=\u00a0\u00bb4.24.3&Prime; _module_preset=\u00a0\u00bbdefault\u00a0\u00bb global_colors_info=\u00a0\u00bb{}\u00a0\u00bb][et_pb_image src=\u00a0\u00bbhttps:\/\/www.saulnes.fr\/wp-content\/uploads\/2021\/03\/RegisSantini.jpg\u00a0\u00bb title_text=\u00a0\u00bbRegisSantini\u00a0\u00bb _builder_version=\u00a0\u00bb4.24.3&Prime; _module_preset=\u00a0\u00bbdefault\u00a0\u00bb global_colors_info=\u00a0\u00bb{}\u00a0\u00bb][\/et_pb_image][\/et_pb_column][et_pb_column type=\u00a0\u00bb2_3&Prime; _builder_version=\u00a0\u00bb4.24.3&Prime; _module_preset=\u00a0\u00bbdefault\u00a0\u00bb global_colors_info=\u00a0\u00bb{}\u00a0\u00bb][et_pb_text _builder_version=\u00a0\u00bb4.24.3&Prime; _module_preset=\u00a0\u00bbdefault\u00a0\u00bb global_colors_info=\u00a0\u00bb{}\u00a0\u00bb]<\/p>\n<div class=\"et_pb_column et_pb_column_3_4 et_pb_column_32  et_pb_css_mix_blend_mode_passthrough et-last-child\">\n<div class=\"et_pb_module et_pb_text et_pb_text_16  et_pb_text_align_left et_pb_bg_layout_light\">\n<div class=\"et_pb_text_inner\">\n<h3>SANTINI R\u00e9gis<\/h3>\n<p>\u2022 Membre de la commission \u201cF\u00eates, loisirs, sports et information\u201c<br \/>\u2022 Membre de la commission \u201cTravaux, urbanisme, b\u00e2timents et logements communaux\u201c<\/p>\n<\/div>\n<\/div>\n<\/div>\n<p>[\/et_pb_text][\/et_pb_column][\/et_pb_row][et_pb_row column_structure=\u00a0\u00bb1_3,2_3&Prime; _builder_version=\u00a0\u00bb4.24.3&Prime; _module_preset=\u00a0\u00bbdefault\u00a0\u00bb global_colors_info=\u00a0\u00bb{}\u00a0\u00bb][et_pb_column type=\u00a0\u00bb1_3&Prime; _builder_version=\u00a0\u00bb4.24.3&Prime; _module_preset=\u00a0\u00bbdefault\u00a0\u00bb global_colors_info=\u00a0\u00bb{}\u00a0\u00bb][et_pb_image src=\u00a0\u00bbhttps:\/\/www.saulnes.fr\/wp-content\/uploads\/2021\/03\/SandrineSchoepp.jpg\u00a0\u00bb title_text=\u00a0\u00bbSandrineSchoepp\u00a0\u00bb _builder_version=\u00a0\u00bb4.24.3&Prime; _module_preset=\u00a0\u00bbdefault\u00a0\u00bb global_colors_info=\u00a0\u00bb{}\u00a0\u00bb][\/et_pb_image][\/et_pb_column][et_pb_column type=\u00a0\u00bb2_3&Prime; _builder_version=\u00a0\u00bb4.24.3&Prime; _module_preset=\u00a0\u00bbdefault\u00a0\u00bb global_colors_info=\u00a0\u00bb{}\u00a0\u00bb][et_pb_text _builder_version=\u00a0\u00bb4.24.3&Prime; _module_preset=\u00a0\u00bbdefault\u00a0\u00bb global_colors_info=\u00a0\u00bb{}\u00a0\u00bb]<\/p>\n<div class=\"et_pb_column et_pb_column_3_4 et_pb_column_34  et_pb_css_mix_blend_mode_passthrough et-last-child\">\n<div class=\"et_pb_module et_pb_text et_pb_text_17  et_pb_text_align_left et_pb_bg_layout_light\">\n<div class=\"et_pb_text_inner\">\n<h3>SCHOEPP Sandrine<\/h3>\n<p>\u2022 Membre de la commission \u201cF\u00eates, loisirs, sports et information\u00a0\u00bb<br \/>\u2022 Responsable de la commission \u201cSaulnes vers la Transition 2030&Prime; \u2013 Urbanisme<br \/>\u2022 D\u00e9l\u00e9gu\u00e9e suppl\u00e9ante de l\u2019ASBL Territoire Naturel Transfrontalier<br \/>\u2022 Repr\u00e9sentante de la commune au sein de la commission \u201cCulture, tourisme, patrimoine et communication\u00a0\u00bb au sein de la Communaut\u00e9 d\u2019agglom\u00e9ration de Longwy<br \/>\u2022 D\u00e9l\u00e9gu\u00e9e titulaire au Syndicat \u201cLe Fil bleu\u00a0\u00bb<\/p>\n<\/div>\n<\/div>\n<\/div>\n<p>[\/et_pb_text][\/et_pb_column][\/et_pb_row][\/et_pb_section]<\/p>\n","protected":false},"excerpt":{"rendered":"<p>L&rsquo;\u00e9quipe Municipale ZOLFO Adrien \u2022 Maire\u2022 Vice-pr\u00e9sident \u00e0 la Communaut\u00e9 d\u2019agglom\u00e9ration de Longwy\u2022 Membre de toutes les commissions municipales WAGNER Christiane \u2022 1\u00e8re adjointe au Maire\u2022 Conseill\u00e8re communautaire \u00e0 la Communaut\u00e9 d\u2019agglom\u00e9ration de Longwy\u2022 Responsable de la commission municipale \u201c\u00c9coles, culture, tourisme et coop\u00e9ration transfrontali\u00e8re\u00a0\u00bb PIERRE Claude \u2022 2\u00e8me adjoint au Maire\u2022 Responsable de la [&hellip;]<\/p>\n","protected":false},"author":1,"featured_media":212,"parent":7,"menu_order":0,"comment_status":"closed","ping_status":"closed","template":"","meta":{"_et_pb_use_builder":"on","_et_pb_old_content":"&nbsp;\n\n&nbsp;\n<table style=\"width: 100%;\">\n<tbody>\n<tr>\n<td width=\"150\"><a href=\"https:\/\/www.saulnes.fr\/wp-content\/uploads\/2015\/12\/DSC0031.jpg\" rel=\"attachment wp-att-195\"><img class=\"alignnone size-thumbnail wp-image-195\" src=\"https:\/\/www.saulnes.fr\/wp-content\/uploads\/2015\/12\/DSC0031-150x150.jpg\" alt=\"_DSC0031\" width=\"150\" height=\"150\"><\/a><\/td>\n<td>Le Maire\n<strong>Adrien Zolfo<\/strong>\n<em>Toutes d\u00e9l\u00e9gations, Finances et Ressources humaines.<\/em><\/td>\n<\/tr>\n<tr>\n<td colspan=\"2\" align=\"center\">les adjoints<\/td>\n<\/tr>\n<tr>\n<td width=\"150\"><a href=\"https:\/\/www.saulnes.fr\/wp-content\/uploads\/2015\/12\/DSC0038.jpg\" rel=\"attachment wp-att-195\"><img class=\"alignnone wp-image-196 size-thumbnail\" src=\"https:\/\/www.saulnes.fr\/wp-content\/uploads\/2015\/12\/DSC0038-150x150.jpg\" alt=\"\" width=\"150\" height=\"150\"><\/a><\/td>\n<td>1er adjoint\n<strong>Albert Bagaglia<\/strong>\n<em> Travaux, Urbanisme, Eau, B\u00e2timents, Logements.<\/em><\/td>\n<\/tr>\n<tr>\n<td width=\"150\"><a href=\"https:\/\/www.saulnes.fr\/wp-content\/uploads\/2015\/12\/DSC0040.jpg\" rel=\"attachment wp-att-195\"><img class=\"alignnone wp-image-197 size-thumbnail\" src=\"https:\/\/www.saulnes.fr\/wp-content\/uploads\/2015\/12\/DSC0040-150x150.jpg\" alt=\"\" width=\"150\" height=\"150\"><\/a><\/td>\n<td>2\u00e8me adjointe\n<strong>Yvette Salari<\/strong>\n<em>F\u00eates et loisirs, Jeunesse et informations.\n<\/em><\/td>\n<\/tr>\n<tr>\n<td width=\"150\"><a href=\"https:\/\/www.saulnes.fr\/wp-content\/uploads\/2015\/12\/DSC0046.jpg\" rel=\"attachment wp-att-195\"><img class=\"alignnone wp-image-199 size-thumbnail\" src=\"https:\/\/www.saulnes.fr\/wp-content\/uploads\/2015\/12\/DSC0046-150x150.jpg\" alt=\"\" width=\"150\" height=\"150\"><\/a><\/td>\n<td>3\u00e8me adjointe\n<strong>Christiane Wagner<\/strong>\n<em>\u00c9coles, Culture et formations, Biblioth\u00e8que, Tourisme.<\/em><\/td>\n<\/tr>\n<tr>\n<td width=\"150\"><a href=\"https:\/\/www.saulnes.fr\/wp-content\/uploads\/2015\/12\/DSC0074.jpg\" rel=\"attachment wp-att-195\"><img class=\"alignnone wp-image-210 size-thumbnail\" src=\"https:\/\/www.saulnes.fr\/wp-content\/uploads\/2015\/12\/DSC0074-150x150.jpg\" alt=\"\" width=\"150\" height=\"150\"><\/a><\/td>\n<td>4\u00e8me adjoint\n<strong>Maurice Bombardieri<\/strong>\n<em> Environnement, Espaces verts, Embellissement, For\u00eats, Hygi\u00e8ne et s\u00e9curit\u00e9.<\/em><\/td>\n<\/tr>\n<tr>\n<td width=\"150\"><a href=\"https:\/\/www.saulnes.fr\/wp-content\/uploads\/2015\/12\/DSC0018.jpg\" rel=\"attachment wp-att-195\"><img class=\"alignnone wp-image-193 size-thumbnail\" src=\"https:\/\/www.saulnes.fr\/wp-content\/uploads\/2015\/12\/DSC0018-150x150.jpg\" alt=\"\" width=\"150\" height=\"150\"><\/a><\/td>\n<td>5\u00e8me adjointe\n<strong>Catherine Goncalves<\/strong>\n<em>Centre Communal d'Action Sociale (CCAS), Responsables des salles, Gestion du cimeti\u00e8re et des monuments.<\/em><\/td>\n<\/tr>\n<tr>\n<td colspan=\"2\" align=\"center\">les conseillers municipaux<\/td>\n<\/tr>\n<tr>\n<td><a href=\"https:\/\/www.saulnes.fr\/wp-content\/uploads\/2015\/12\/DSC0022.jpg\" rel=\"attachment wp-att-195\"><img class=\"alignnone wp-image-194 size-thumbnail\" src=\"https:\/\/www.saulnes.fr\/wp-content\/uploads\/2015\/12\/DSC0022-150x150.jpg\" alt=\"\" width=\"150\" height=\"150\"><\/a><\/td>\n<td><strong>Marc Mehlinger<\/strong><\/td>\n<\/tr>\n<tr>\n<td width=\"150\"><a href=\"https:\/\/www.saulnes.fr\/wp-content\/uploads\/2015\/12\/DSC0049.jpg\" rel=\"attachment wp-att-195\"><img class=\"alignnone wp-image-201 size-thumbnail\" src=\"https:\/\/www.saulnes.fr\/wp-content\/uploads\/2015\/12\/DSC0049-150x150.jpg\" alt=\"\" width=\"150\" height=\"150\"><\/a><\/td>\n<td><strong>Jean-Claude Trentrecuisse<em>\n<\/em><\/strong><\/td>\n<\/tr>\n<tr>\n<td><a href=\"https:\/\/www.saulnes.fr\/wp-content\/uploads\/2015\/12\/DSC0051.jpg\" rel=\"attachment wp-att-195\"><img class=\"alignnone wp-image-202 size-thumbnail\" src=\"https:\/\/www.saulnes.fr\/wp-content\/uploads\/2015\/12\/DSC0051-150x150.jpg\" alt=\"\" width=\"150\" height=\"150\"><\/a><\/td>\n<td><strong>Jean-Marc Gourdin<\/strong><\/td>\n<\/tr>\n<tr>\n<td width=\"150\"><a href=\"https:\/\/www.saulnes.fr\/wp-content\/uploads\/2015\/12\/DSC0066.jpg\" rel=\"attachment wp-att-195\"><img class=\"alignnone wp-image-207 size-thumbnail\" src=\"https:\/\/www.saulnes.fr\/wp-content\/uploads\/2015\/12\/DSC0066-150x150.jpg\" alt=\"\" width=\"150\" height=\"150\"><\/a><\/td>\n<td><strong>G\u00e9rard Arquin<\/strong><\/td>\n<\/tr>\n<tr>\n<td><a href=\"https:\/\/www.saulnes.fr\/wp-content\/uploads\/2015\/12\/DSC0061.jpg\" rel=\"attachment wp-att-195\"><img class=\"alignnone wp-image-206 size-thumbnail\" src=\"https:\/\/www.saulnes.fr\/wp-content\/uploads\/2015\/12\/DSC0061-150x150.jpg\" alt=\"\" width=\"150\" height=\"150\"><\/a><\/td>\n<td><strong>Martine Thiry<\/strong><\/td>\n<\/tr>\n<tr>\n<td><\/td>\n<td><\/td>\n<\/tr>\n<tr>\n<td><a href=\"https:\/\/www.saulnes.fr\/wp-content\/uploads\/2015\/12\/DSC0055.jpg\" rel=\"attachment wp-att-195\"><img class=\"alignnone wp-image-203 size-thumbnail\" src=\"https:\/\/www.saulnes.fr\/wp-content\/uploads\/2015\/12\/DSC0055-150x150.jpg\" alt=\"\" width=\"150\" height=\"150\"><\/a><\/td>\n<td><strong>Albert Nabot<\/strong><\/td>\n<\/tr>\n<tr>\n<td width=\"150\"><a href=\"https:\/\/www.saulnes.fr\/wp-content\/uploads\/2015\/12\/DSC0043.jpg\" rel=\"attachment wp-att-195\"><img class=\"alignnone wp-image-198 size-thumbnail\" src=\"https:\/\/www.saulnes.fr\/wp-content\/uploads\/2015\/12\/DSC0043-150x150.jpg\" alt=\"\" width=\"150\" height=\"150\"><\/a><\/td>\n<td><em>\n<\/em><strong>Sylvie Le Fevre<\/strong><\/td>\n<\/tr>\n<tr>\n<td width=\"150\"><a href=\"https:\/\/www.saulnes.fr\/wp-content\/uploads\/2015\/12\/DSC0068.jpg\" rel=\"attachment wp-att-195\"><img class=\"alignnone wp-image-208 size-thumbnail\" src=\"https:\/\/www.saulnes.fr\/wp-content\/uploads\/2015\/12\/DSC0068-150x150.jpg\" alt=\"\" width=\"150\" height=\"150\"><\/a><\/td>\n<td><strong> G\u00e9raldine Sorbelli<\/strong><\/td>\n<\/tr>\n<tr>\n<td><a href=\"https:\/\/www.saulnes.fr\/wp-content\/uploads\/2015\/12\/DSC0048.jpg\" rel=\"attachment wp-att-195\"><img class=\"alignnone wp-image-200 size-thumbnail\" src=\"https:\/\/www.saulnes.fr\/wp-content\/uploads\/2015\/12\/DSC0048-150x150.jpg\" alt=\"\" width=\"150\" height=\"150\"><\/a><\/td>\n<td><strong>R\u00e9gis Santini<\/strong><\/td>\n<\/tr>\n<tr>\n<td width=\"150\"><a href=\"https:\/\/www.saulnes.fr\/wp-content\/uploads\/2015\/12\/DSC0058.jpg\" rel=\"attachment wp-att-195\"><img class=\"alignnone wp-image-205 size-thumbnail\" src=\"https:\/\/www.saulnes.fr\/wp-content\/uploads\/2015\/12\/DSC0058-150x150.jpg\" alt=\"\" width=\"150\" height=\"150\"><\/a><\/td>\n<td><strong>Ghislaine Rodrigues<\/strong><\/td>\n<\/tr>\n<tr>\n<td width=\"150\"><\/td>\n<td><\/td>\n<\/tr>\n<tr>\n<td width=\"150\"><a href=\"https:\/\/www.saulnes.fr\/wp-content\/uploads\/2015\/12\/DSC09494.jpg\" rel=\"attachment wp-att-195\"><img class=\"alignnone wp-image-238 size-thumbnail\" src=\"https:\/\/www.saulnes.fr\/wp-content\/uploads\/2015\/12\/DSC09494-150x150.jpg\" alt=\"\" width=\"150\" height=\"150\"><\/a><\/td>\n<td><em>\n<\/em><strong>Loriane Boudjemadi<\/strong><\/td>\n<\/tr>\n<\/tbody>\n<\/table>","_et_gb_content_width":"1080","footnotes":""},"class_list":["post-9","page","type-page","status-publish","has-post-thumbnail","hentry"],"_links":{"self":[{"href":"https:\/\/www.saulnes.fr\/index.php?rest_route=\/wp\/v2\/pages\/9","targetHints":{"allow":["GET"]}}],"collection":[{"href":"https:\/\/www.saulnes.fr\/index.php?rest_route=\/wp\/v2\/pages"}],"about":[{"href":"https:\/\/www.saulnes.fr\/index.php?rest_route=\/wp\/v2\/types\/page"}],"author":[{"embeddable":true,"href":"https:\/\/www.saulnes.fr\/index.php?rest_route=\/wp\/v2\/users\/1"}],"replies":[{"embeddable":true,"href":"https:\/\/www.saulnes.fr\/index.php?rest_route=%2Fwp%2Fv2%2Fcomments&post=9"}],"version-history":[{"count":66,"href":"https:\/\/www.saulnes.fr\/index.php?rest_route=\/wp\/v2\/pages\/9\/revisions"}],"predecessor-version":[{"id":2750,"href":"https:\/\/www.saulnes.fr\/index.php?rest_route=\/wp\/v2\/pages\/9\/revisions\/2750"}],"up":[{"embeddable":true,"href":"https:\/\/www.saulnes.fr\/index.php?rest_route=\/wp\/v2\/pages\/7"}],"wp:featuredmedia":[{"embeddable":true,"href":"https:\/\/www.saulnes.fr\/index.php?rest_route=\/wp\/v2\/media\/212"}],"wp:attachment":[{"href":"https:\/\/www.saulnes.fr\/index.php?rest_route=%2Fwp%2Fv2%2Fmedia&parent=9"}],"curies":[{"name":"wp","href":"https:\/\/api.w.org\/{rel}","templated":true}]}}